{"id":3,"date":"2019-04-09T16:14:40","date_gmt":"2019-04-09T14:14:40","guid":{"rendered":"https:\/\/bodegasprotos.com\/?page_id=3"},"modified":"2022-02-09T14:12:51","modified_gmt":"2022-02-09T13:12:51","slug":"politica-de-privacidad","status":"publish","type":"page","link":"https:\/\/www.bodegasprotos.com\/es\/politica-de-privacidad\/","title":{"rendered":"Pol\u00edtica de privacidad"},"content":{"rendered":"<p>En PROTOS BODEGA RIBERA DUERO DE PE\u00d1AFIEL, S.L. nos preocupamos por la privacidad y la transparencia, si desea conocer en detalle los tratamientos de datos personales que realizamos, as\u00ed como toda la informaci\u00f3n relativa a los mismos, puede hacerlo pulsando el siguiente enlace:<\/p>\n<p><a href=\"https:\/\/grupocfi.es\/privacidad\/bodegasprotos\">https:\/\/grupocfi.es\/privacidad\/bodegasprotos<\/a><\/p>\n<p>A continuaci\u00f3n, le indicamos los tratamientos de datos que realizamos en nuestra web a trav\u00e9s de los formularios.<\/p>\n<p><strong>Tratamiento de los datos de potenciales clientes y contactos<\/strong><\/p>\n<table border=\"solid\" width=\"438\">\n<tbody>\n<tr>\n<td colspan=\"2\" width=\"438\"><strong>Informaci\u00f3n b\u00e1sica sobre Protecci\u00f3n de datos<\/strong><\/td>\n<\/tr>\n<tr>\n<td width=\"135\"><strong>Responsable:<\/strong><\/td>\n<td width=\"303\">PROTOS BODEGA RIBERA DUERO DE PE\u00d1AFIEL, S.L.<\/td>\n<\/tr>\n<tr>\n<td width=\"135\"><strong>Finalidad:<\/strong><\/td>\n<td width=\"303\">Atender su solicitud y enviarle comunicaciones comerciales<\/td>\n<\/tr>\n<tr>\n<td width=\"135\"><strong>Legitimaci\u00f3n:<\/strong><\/td>\n<td width=\"303\">Ejecuci\u00f3n de un contrato.<\/p>\n<p>Consentimiento del interesado.<\/p>\n<p>Inter\u00e9s leg\u00edtimo del Responsable.<\/td>\n<\/tr>\n<tr>\n<td width=\"135\"><strong>Destinatarios:<\/strong><\/td>\n<td width=\"303\">No se ceder\u00e1n datos a terceros, salvo obligaci\u00f3n legal.<\/td>\n<\/tr>\n<tr>\n<td width=\"135\"><strong>Derechos:<\/strong><\/td>\n<td width=\"303\">Tiene derecho a acceder, rectificar y suprimir los datos, as\u00ed como otros derechos, indicados en la informaci\u00f3n adicional, que puede ejercer dirigi\u00e9ndose a lopd@bodegasprotos.com.<\/td>\n<\/tr>\n<tr>\n<td width=\"135\"><strong>Procedencia:<\/strong><\/td>\n<td width=\"303\">El propio interesado<\/td>\n<\/tr>\n<\/tbody>\n<\/table>\n<p><strong>\u00a0<\/strong><\/p>\n<p><strong>Informaci\u00f3n completa sobre Protecci\u00f3n de Datos<\/strong><\/p>\n<ol>\n<li><strong>\u00bfQui\u00e9n es el responsable del tratamiento de sus datos?<\/strong><\/li>\n<\/ol>\n<p style=\"padding-left: 40px;\">PROTOS BODEGA RIBERA DUERO DE PE\u00d1AFIEL, S.L.<\/p>\n<p style=\"padding-left: 40px;\">B47003967<\/p>\n<p style=\"padding-left: 40px;\">CL BODEGAS PROTOS, 24-28 &#8211; 47300 &#8211; PE\u00d1AFIEL &#8211; VALLADOLID<\/p>\n<p style=\"padding-left: 40px;\">983878011<\/p>\n<p style=\"padding-left: 40px;\">bodega@bodegasprotos.com<\/p>\n<ol start=\"2\">\n<li><strong>\u00bfCon qu\u00e9 finalidad tratamos sus datos personales?<\/strong><\/li>\n<\/ol>\n<p style=\"padding-left: 40px;\">En PROTOS BODEGA RIBERA DUERO DE PE\u00d1AFIEL, S.L. tratamos la informaci\u00f3n que nos facilitan las personas interesadas con el fin de realizar la gesti\u00f3n de potenciales clientes que se han interesado sobre nuestros productos y\/o servicios, as\u00ed como otros contactos comerciales y realizar, en su caso, el env\u00edo de comunicaciones comerciales inclusive por v\u00eda electr\u00f3nica. En el caso de que no facilite sus datos personales, no podremos cumplir con las finalidades descritas.<\/p>\n<p style=\"padding-left: 40px;\">No se van a tomar decisiones automatizadas en base a los datos proporcionados.<\/p>\n<ol start=\"3\">\n<li><strong>\u00bfPor cu\u00e1nto tiempo conservaremos sus datos?<\/strong><\/li>\n<\/ol>\n<p style=\"padding-left: 40px;\">Los datos se conservar\u00e1n mientras el interesado no solicite su supresi\u00f3n.<\/p>\n<ol start=\"4\">\n<li><strong>\u00bfCu\u00e1l es la legitimaci\u00f3n para el tratamiento de sus datos?<\/strong><\/li>\n<\/ol>\n<p style=\"padding-left: 40px;\">Le indicamos la base legal para el tratamiento de sus datos:<\/p>\n<ul>\n<li style=\"list-style-type: none;\">\n<ul>\n<li>Ejecuci\u00f3n de un contrato: Gesti\u00f3n de potenciales clientes que se han interesado sobre nuestros productos y\/o servicios. (RGPD, art. 6.1.b).<\/li>\n<li>Consentimiento del interesado: Enviar comunicaciones comerciales, inclusive por v\u00eda electr\u00f3nica. (RGPD, art. 6.1.a, LSSICE art.21).<\/li>\n<li>Inter\u00e9s leg\u00edtimo del Responsable: Gesti\u00f3n de los datos de contacto profesionales (LOPDGDD art.19, RGPD art. 6.1.f).<\/li>\n<\/ul>\n<\/li>\n<\/ul>\n<ol start=\"5\">\n<li><strong>\u00bfA qu\u00e9 destinatarios se comunicar\u00e1n sus datos?<\/strong><\/li>\n<\/ol>\n<p style=\"padding-left: 40px;\">No se ceder\u00e1n datos a terceros, salvo obligaci\u00f3n legal.<\/p>\n<ol start=\"6\">\n<li><strong>Transferencias de datos a terceros pa\u00edses<\/strong><\/li>\n<\/ol>\n<p style=\"padding-left: 40px;\">No est\u00e1n previstas transferencias de datos a terceros pa\u00edses.<\/p>\n<ol start=\"7\">\n<li><strong>\u00bfCu\u00e1les son sus derechos cuando nos facilita sus datos?<\/strong><\/li>\n<\/ol>\n<p style=\"padding-left: 40px;\">Cualquier persona tiene derecho a obtener confirmaci\u00f3n sobre si en PROTOS BODEGA RIBERA DUERO DE PE\u00d1AFIEL, S.L. estamos tratando, o no, datos personales que les conciernan.<\/p>\n<p style=\"padding-left: 40px;\">Las personas interesadas tienen derecho a acceder a sus datos personales, as\u00ed como a solicitar la rectificaci\u00f3n de los datos inexactos o, en su caso, solicitar su supresi\u00f3n cuando, entre otros motivos, los datos ya no sean necesarios para los fines que fueron recogidos. Igualmente tiene derecho a la portabilidad de sus datos.<\/p>\n<p style=\"padding-left: 40px;\">En determinadas circunstancias, los interesados podr\u00e1n solicitar la limitaci\u00f3n del tratamiento de sus datos, en cuyo caso \u00fanicamente los conservaremos para el ejercicio o la defensa de reclamaciones.<\/p>\n<p style=\"padding-left: 40px;\">En determinadas circunstancias y por motivos relacionados con su situaci\u00f3n particular, los interesados podr\u00e1n oponerse al tratamiento de sus datos. En este caso, PROTOS BODEGA RIBERA DUERO DE PE\u00d1AFIEL, S.L. dejar\u00e1 de tratar los datos, salvo por motivos leg\u00edtimos imperiosos, o el ejercicio o la defensa de posibles reclamaciones.<\/p>\n<p style=\"padding-left: 40px;\">Podr\u00e1 ejercitar materialmente sus derechos de la siguiente forma: dirigi\u00e9ndose a lopd@bodegasprotos.com.<\/p>\n<p style=\"padding-left: 40px;\">Cuando se realice el env\u00edo de comunicaciones comerciales utilizando como base jur\u00eddica el inter\u00e9s leg\u00edtimo del responsable, el interesado podr\u00e1 oponerse al tratamiento de sus datos con ese fin.<\/p>\n<p style=\"padding-left: 40px;\">Si ha otorgado su consentimiento para alguna finalidad concreta, tiene derecho a retirar el consentimiento otorgado en cualquier momento, sin que ello afecte a la licitud del tratamiento basado en el consentimiento previo a su retirada.<\/p>\n<p style=\"padding-left: 40px;\">En caso de que sienta vulnerados sus derechos en lo concerniente a la protecci\u00f3n de sus datos personales, especialmente cuando no haya obtenido satisfacci\u00f3n en el ejercicio de sus derechos, puede presentar una reclamaci\u00f3n ante la Autoridad de Control en materia de Protecci\u00f3n de Datos competente a trav\u00e9s de su sitio web: www.aepd.es.<\/p>\n<ol start=\"8\">\n<li><strong>\u00bfC\u00f3mo hemos obtenido sus datos?<\/strong><\/li>\n<\/ol>\n<p style=\"padding-left: 40px;\">Los datos personales que tratamos en PROTOS BODEGA RIBERA DUERO DE PE\u00d1AFIEL, S.L. proceden de: El propio interesado.<\/p>\n","protected":false},"excerpt":{"rendered":"<p>En PROTOS BODEGA RIBERA DUERO DE PE\u00d1AFIEL, S.L. nos preocupamos por la privacidad y la transparencia, si desea&#8230;<\/p>\n","protected":false},"author":2,"featured_media":0,"parent":0,"menu_order":-5,"comment_status":"closed","ping_status":"closed","template":"","meta":{"_acf_changed":false,"footnotes":""},"class_list":["post-3","page","type-page","status-publish","hentry"],"acf":[],"yoast_head":"<!-- This site is optimized with the Yoast SEO plugin v27.5 - https:\/\/yoast.com\/product\/yoast-seo-wordpress\/ -->\n<title>Pol\u00edtica de privacidad - Bodegas Protos<\/title>\n<meta name=\"description\" content=\"En PROTOS BODEGA RIBERA DUERO DE PE\u00d1AFIEL, S.L. nos preocupamos por la privacidad y la transparencia, si desea conocer en detalle los tratamientos de\" \/>\n<meta name=\"robots\" content=\"noindex, follow\" \/>\n<meta property=\"og:locale\" content=\"es_ES\" \/>\n<meta property=\"og:type\" content=\"article\" \/>\n<meta property=\"og:title\" content=\"Pol\u00edtica de privacidad - Bodegas Protos\" \/>\n<meta property=\"og:description\" content=\"En PROTOS BODEGA RIBERA DUERO DE PE\u00d1AFIEL, S.L. nos preocupamos por la privacidad y la transparencia, si desea conocer en detalle los tratamientos de\" \/>\n<meta property=\"og:url\" content=\"https:\/\/www.bodegasprotos.com\/es\/politica-de-privacidad\/\" \/>\n<meta property=\"og:site_name\" content=\"Bodegas Protos\" \/>\n<meta property=\"article:publisher\" content=\"https:\/\/www.facebook.com\/BodegasProtos\" \/>\n<meta property=\"article:modified_time\" content=\"2022-02-09T13:12:51+00:00\" \/>\n<meta name=\"twitter:card\" content=\"summary_large_image\" \/>\n<meta name=\"twitter:site\" content=\"@Bodegas_Protos\" \/>\n<meta name=\"twitter:label1\" content=\"Tiempo de lectura\" \/>\n\t<meta name=\"twitter:data1\" content=\"4 minutos\" \/>\n<script type=\"application\/ld+json\" class=\"yoast-schema-graph\">{\"@context\":\"https:\\\/\\\/schema.org\",\"@graph\":[{\"@type\":\"WebPage\",\"@id\":\"https:\\\/\\\/www.bodegasprotos.com\\\/es\\\/politica-de-privacidad\\\/\",\"url\":\"https:\\\/\\\/www.bodegasprotos.com\\\/es\\\/politica-de-privacidad\\\/\",\"name\":\"Pol\u00edtica de privacidad - Bodegas Protos\",\"isPartOf\":{\"@id\":\"https:\\\/\\\/www.bodegasprotos.com\\\/es\\\/#website\"},\"datePublished\":\"2019-04-09T14:14:40+00:00\",\"dateModified\":\"2022-02-09T13:12:51+00:00\",\"description\":\"En PROTOS BODEGA RIBERA DUERO DE PE\u00d1AFIEL, S.L. nos preocupamos por la privacidad y la transparencia, si desea conocer en detalle los tratamientos de\",\"breadcrumb\":{\"@id\":\"https:\\\/\\\/www.bodegasprotos.com\\\/es\\\/politica-de-privacidad\\\/#breadcrumb\"},\"inLanguage\":\"es\",\"potentialAction\":[{\"@type\":\"ReadAction\",\"target\":[\"https:\\\/\\\/www.bodegasprotos.com\\\/es\\\/politica-de-privacidad\\\/\"]}]},{\"@type\":\"BreadcrumbList\",\"@id\":\"https:\\\/\\\/www.bodegasprotos.com\\\/es\\\/politica-de-privacidad\\\/#breadcrumb\",\"itemListElement\":[{\"@type\":\"ListItem\",\"position\":1,\"name\":\"Portada\",\"item\":\"https:\\\/\\\/www.bodegasprotos.com\\\/es\\\/\"},{\"@type\":\"ListItem\",\"position\":2,\"name\":\"Pol\u00edtica de privacidad\"}]},{\"@type\":\"WebSite\",\"@id\":\"https:\\\/\\\/www.bodegasprotos.com\\\/es\\\/#website\",\"url\":\"https:\\\/\\\/www.bodegasprotos.com\\\/es\\\/\",\"name\":\"Bodegas Protos\",\"description\":\"Vinos de la Denominaci\u00f3n de Origen Ribera del Duero, Rueda y Cigales\",\"publisher\":{\"@id\":\"https:\\\/\\\/www.bodegasprotos.com\\\/es\\\/#organization\"},\"potentialAction\":[{\"@type\":\"SearchAction\",\"target\":{\"@type\":\"EntryPoint\",\"urlTemplate\":\"https:\\\/\\\/www.bodegasprotos.com\\\/es\\\/?s={search_term_string}\"},\"query-input\":{\"@type\":\"PropertyValueSpecification\",\"valueRequired\":true,\"valueName\":\"search_term_string\"}}],\"inLanguage\":\"es\"},{\"@type\":\"Organization\",\"@id\":\"https:\\\/\\\/www.bodegasprotos.com\\\/es\\\/#organization\",\"name\":\"Bodegas Protos\",\"url\":\"https:\\\/\\\/www.bodegasprotos.com\\\/es\\\/\",\"logo\":{\"@type\":\"ImageObject\",\"inLanguage\":\"es\",\"@id\":\"https:\\\/\\\/www.bodegasprotos.com\\\/es\\\/#\\\/schema\\\/logo\\\/image\\\/\",\"url\":\"https:\\\/\\\/www.bodegasprotos.com\\\/wp-content\\\/uploads\\\/2024\\\/06\\\/PROTOS-LOGOS-VERSIONES-13.png\",\"contentUrl\":\"https:\\\/\\\/www.bodegasprotos.com\\\/wp-content\\\/uploads\\\/2024\\\/06\\\/PROTOS-LOGOS-VERSIONES-13.png\",\"width\":2362,\"height\":2362,\"caption\":\"Bodegas Protos\"},\"image\":{\"@id\":\"https:\\\/\\\/www.bodegasprotos.com\\\/es\\\/#\\\/schema\\\/logo\\\/image\\\/\"},\"sameAs\":[\"https:\\\/\\\/www.facebook.com\\\/BodegasProtos\",\"https:\\\/\\\/x.com\\\/Bodegas_Protos\",\"https:\\\/\\\/www.instagram.com\\\/bodegasprotosoficial\\\/\",\"https:\\\/\\\/www.linkedin.com\\\/company\\\/bodegasprotos\\\/\",\"https:\\\/\\\/pinterest.com\\\/BodegasProtos\\\/\",\"http:\\\/\\\/www.youtube.com\\\/user\\\/BodegasProtos\",\"https:\\\/\\\/es.wikipedia.org\\\/wiki\\\/Bodegas_Protos\"]}]}<\/script>\n<!-- \/ Yoast SEO plugin. -->","yoast_head_json":{"title":"Pol\u00edtica de privacidad - Bodegas Protos","description":"En PROTOS BODEGA RIBERA DUERO DE PE\u00d1AFIEL, S.L. nos preocupamos por la privacidad y la transparencia, si desea conocer en detalle los tratamientos de","robots":{"index":"noindex","follow":"follow"},"og_locale":"es_ES","og_type":"article","og_title":"Pol\u00edtica de privacidad - Bodegas Protos","og_description":"En PROTOS BODEGA RIBERA DUERO DE PE\u00d1AFIEL, S.L. nos preocupamos por la privacidad y la transparencia, si desea conocer en detalle los tratamientos de","og_url":"https:\/\/www.bodegasprotos.com\/es\/politica-de-privacidad\/","og_site_name":"Bodegas Protos","article_publisher":"https:\/\/www.facebook.com\/BodegasProtos","article_modified_time":"2022-02-09T13:12:51+00:00","twitter_card":"summary_large_image","twitter_site":"@Bodegas_Protos","twitter_misc":{"Tiempo de lectura":"4 minutos"},"schema":{"@context":"https:\/\/schema.org","@graph":[{"@type":"WebPage","@id":"https:\/\/www.bodegasprotos.com\/es\/politica-de-privacidad\/","url":"https:\/\/www.bodegasprotos.com\/es\/politica-de-privacidad\/","name":"Pol\u00edtica de privacidad - Bodegas Protos","isPartOf":{"@id":"https:\/\/www.bodegasprotos.com\/es\/#website"},"datePublished":"2019-04-09T14:14:40+00:00","dateModified":"2022-02-09T13:12:51+00:00","description":"En PROTOS BODEGA RIBERA DUERO DE PE\u00d1AFIEL, S.L. nos preocupamos por la privacidad y la transparencia, si desea conocer en detalle los tratamientos de","breadcrumb":{"@id":"https:\/\/www.bodegasprotos.com\/es\/politica-de-privacidad\/#breadcrumb"},"inLanguage":"es","potentialAction":[{"@type":"ReadAction","target":["https:\/\/www.bodegasprotos.com\/es\/politica-de-privacidad\/"]}]},{"@type":"BreadcrumbList","@id":"https:\/\/www.bodegasprotos.com\/es\/politica-de-privacidad\/#breadcrumb","itemListElement":[{"@type":"ListItem","position":1,"name":"Portada","item":"https:\/\/www.bodegasprotos.com\/es\/"},{"@type":"ListItem","position":2,"name":"Pol\u00edtica de privacidad"}]},{"@type":"WebSite","@id":"https:\/\/www.bodegasprotos.com\/es\/#website","url":"https:\/\/www.bodegasprotos.com\/es\/","name":"Bodegas Protos","description":"Vinos de la Denominaci\u00f3n de Origen Ribera del Duero, Rueda y Cigales","publisher":{"@id":"https:\/\/www.bodegasprotos.com\/es\/#organization"},"potentialAction":[{"@type":"SearchAction","target":{"@type":"EntryPoint","urlTemplate":"https:\/\/www.bodegasprotos.com\/es\/?s={search_term_string}"},"query-input":{"@type":"PropertyValueSpecification","valueRequired":true,"valueName":"search_term_string"}}],"inLanguage":"es"},{"@type":"Organization","@id":"https:\/\/www.bodegasprotos.com\/es\/#organization","name":"Bodegas Protos","url":"https:\/\/www.bodegasprotos.com\/es\/","logo":{"@type":"ImageObject","inLanguage":"es","@id":"https:\/\/www.bodegasprotos.com\/es\/#\/schema\/logo\/image\/","url":"https:\/\/www.bodegasprotos.com\/wp-content\/uploads\/2024\/06\/PROTOS-LOGOS-VERSIONES-13.png","contentUrl":"https:\/\/www.bodegasprotos.com\/wp-content\/uploads\/2024\/06\/PROTOS-LOGOS-VERSIONES-13.png","width":2362,"height":2362,"caption":"Bodegas Protos"},"image":{"@id":"https:\/\/www.bodegasprotos.com\/es\/#\/schema\/logo\/image\/"},"sameAs":["https:\/\/www.facebook.com\/BodegasProtos","https:\/\/x.com\/Bodegas_Protos","https:\/\/www.instagram.com\/bodegasprotosoficial\/","https:\/\/www.linkedin.com\/company\/bodegasprotos\/","https:\/\/pinterest.com\/BodegasProtos\/","http:\/\/www.youtube.com\/user\/BodegasProtos","https:\/\/es.wikipedia.org\/wiki\/Bodegas_Protos"]}]}},"_links":{"self":[{"href":"https:\/\/www.bodegasprotos.com\/es\/wp-json\/wp\/v2\/pages\/3","targetHints":{"allow":["GET"]}}],"collection":[{"href":"https:\/\/www.bodegasprotos.com\/es\/wp-json\/wp\/v2\/pages"}],"about":[{"href":"https:\/\/www.bodegasprotos.com\/es\/wp-json\/wp\/v2\/types\/page"}],"author":[{"embeddable":true,"href":"https:\/\/www.bodegasprotos.com\/es\/wp-json\/wp\/v2\/users\/2"}],"replies":[{"embeddable":true,"href":"https:\/\/www.bodegasprotos.com\/es\/wp-json\/wp\/v2\/comments?post=3"}],"version-history":[{"count":0,"href":"https:\/\/www.bodegasprotos.com\/es\/wp-json\/wp\/v2\/pages\/3\/revisions"}],"wp:attachment":[{"href":"https:\/\/www.bodegasprotos.com\/es\/wp-json\/wp\/v2\/media?parent=3"}],"curies":[{"name":"wp","href":"https:\/\/api.w.org\/{rel}","templated":true}]}}